{"id":8,"date":"2020-09-02T14:56:05","date_gmt":"2020-09-02T12:56:05","guid":{"rendered":"http:\/\/www.profilaktyka-pluc.pl\/?page_id=8"},"modified":"2023-03-17T11:36:02","modified_gmt":"2023-03-17T10:36:02","slug":"link2","status":"publish","type":"page","link":"http:\/\/www.profilaktyka-pluca.pl\/","title":{"rendered":"O programie"},"content":{"rendered":"\n<p class=\"has-normal-font-size\"><strong><span style=\"color:#cf2e2e\" class=\"tadv-color\">UWAGA!!!<\/span><\/strong><\/p>\n\n\n\n<p class=\"has-normal-font-size\"><span style=\"color:#cf2e2e\" class=\"tadv-color\"><strong>W CHWILI OBECNEJ ZAKO\u0143CZYLI\u015aMY REKRUTACJ\u0118 PACJENT\u00d3W DO PROGRAMU.<br>ZE WZGL\u0118DU NA OGROMNE ZAINTERESOWANIE LIMIT UCZESTNIK\u00d3W ZOSTA\u0141 OSI\u0104GNI\u0118TY.<\/strong><\/span><\/p>\n\n\n\n<p class=\"has-normal-font-size\">Centrum Onkologii realizuje <strong>\u201eProgram profilaktyki wczesnego wykrywania i zapobiegania raka p\u0142uca dla mieszka\u0144c\u00f3w wojew\u00f3dztwa kujawsko-pomorskiego\u201d<\/strong>.<br><br><\/p>\n\n\n\n<p><\/p>\n\n\n\n<blockquote class=\"wp-block-quote is-style-default\"><p>Ca\u0142kowita warto\u015b\u0107 projektu : 4&nbsp;439&nbsp;110,40 z\u0142<br>Dofinansowanie z Funduszy Europejskich: 3&nbsp;773&nbsp;243,84 z\u0142<\/p><\/blockquote>\n\n\n\n<p class=\"has-normal-font-size\"><strong>Okres realizacji projektu:<\/strong><\/p>\n\n\n\n<p>od <strong>2020-07-01<\/strong> do <strong>2023-12-31<\/strong><\/p>\n\n\n\n<p><\/p>\n\n\n\n<p class=\"has-normal-font-size\"><strong>Celem programu jest:<\/strong><\/p>\n\n\n\n<ul><li>zwi\u0119kszenie udzia\u0142u os\u00f3b w wieku aktywno\u015bci zawodowej w programach profilaktycznych, rehabilitacji i ochrony zdrowia,<\/li><li>poprawa wykrywalno\u015bci raka p\u0142uca poprzez zastosowanie profilaktyki pierwotnej i wt\u00f3rnej dla mieszka\u0144c\u00f3w wojew\u00f3dztwa kujawska-pomorskiego nieobj\u0119tych Og\u00f3lnopolskim programem Wczesnego Wykrywania Raka P\u0142uca (WWRP) z uwzgl\u0119dnieniem os\u00f3b w wieku aktywno\u015bci zawodowej, b\u0119d\u0105cych w grupie podwy\u017cszonego ryzyka.<\/li><\/ul>\n\n\n\n<blockquote class=\"wp-block-quote\"><p>Program polega na dzia\u0142alno\u015bci informacyjno-edukacyjnej, wyja\u015bnieniu w\u0105tpliwo\u015bci dotycz\u0105cych profilaktyki raka p\u0142uc, udzieleniu porady antynikotynowej, szkoleniu personelu medycznego, piel\u0119gniarskiego oraz pomocniczego w kierunku wykrywalno\u015bci raka p\u0142uca, wykonywaniu bada\u0144 &nbsp;Niskodawkow\u0105 Tomografi\u0105 Komputerow\u0105 NDTK klatki piersiowej, kt\u00f3ra szybko, bezinwazyjnie i&nbsp; bezbole\u015bnie wykrywa wczesne zmiany w obr\u0119bie p\u0142uc, a tak\u017ce utworzeniu Centrum Bada\u0144 Przesiewowych Raka P\u0142uca.<\/p><\/blockquote>\n\n\n\n<p class=\"has-normal-font-size\"><strong>Program skierowany jest do os\u00f3b:<\/strong><\/p>\n\n\n\n<ol><li><strong>w wieku 55-74 lat z konsumpcj\u0105 tytoniu wi\u0119ksz\u0105 lub r\u00f3wn\u0105 20 paczkolat, okresem absencji tytoniowej nie d\u0142u\u017cszym ni\u017c15 lat oraz<\/strong><\/li><li><strong>w wieku 50-74 lat z konsumpcj\u0105 tytoniu wi\u0119ksz\u0105 lub r\u00f3wn\u0105 20 paczkolat, okresem absencji tytoniowej nie d\u0142u\u017cszej ni\u017c 15 lat, u kt\u00f3rych stwierdza si\u0119 jeden z czynnik\u00f3w ryzyka:<\/strong><\/li><\/ol>\n\n\n\n<ul><li>ekspozycja zawodow\u0105 na krzemionk\u0119, beryl, nikiel, chrom, kadm, azbest, zwi\u0105zki arsenu, spaliny silnik\u00f3w diesla, dym ze spalania w\u0119gla kamiennego, sadza, ekspozycja na radon<\/li><li>indywidualna historia zachorowania na raka p\u0142uca w wywiadzie ch\u0142oniak, rak g\u0142owy i szyi lub raki zale\u017cne od palenia tytoniu, np.; rak p\u0119cherza moczowego<\/li><li>rak p\u0142uca w wywiadzie u krewnych I stopnia<\/li><li>historia chor\u00f3b p\u0142uc: przewlek\u0142a obturacyjna choroba P\u0142uc POChPP lub w\u0142\u00f3knienie p\u0142uc IPF<\/li><\/ul>\n\n\n\n<blockquote class=\"wp-block-quote\"><p><strong>Zadzwo\u0144 i zg\u0142o\u015b si\u0119 do programu:<\/strong><\/p><p><br>Centrum Onkologii im. Prof. F. \u0141ukaszczyka<br>Ul . dr Izabeli Romanowskiej 2<br>85-796 Bydgoszcz<br>Tel. 52&nbsp;374 39 20<\/p><\/blockquote>\n\n\n\n<blockquote class=\"wp-block-quote\"><p>Centrum Diagnostyczno -Lecznicze we W\u0142oc\u0142awku<br>Ul. Kr\u00f3lewiecka 2a<br>87-800 W\u0142oc\u0142awek<br>Tel. 54 230 13 46<\/p><\/blockquote>\n\n\n\n<p><\/p>\n\n\n\n<p>W celu zagwarantowania udzielenia \u015bwiadczenia jak najwi\u0119kszej ilo\u015bci os\u00f3b program dopuszcza mo\u017cliwo\u015b\u0107 refundacji koszt\u00f3w dojazdu na badanie. Dla os\u00f3b sprawuj\u0105cych codzienn\u0105 opiek\u0119 nad osob\u0105 niesamodzieln\u0105 przewidziany jest zwrot koszt\u00f3w opieki pozwalaj\u0105cy na wynaj\u0119cie opiekuna na czas badania.<\/p>\n\n\n\n<figure class=\"wp-block-table\"><table><tbody><tr><td>Cele projektu<\/td><td>kobiet<\/td><td>m\u0119\u017cczyzn<\/td><td>RAZEM<\/td><\/tr><tr><td>Liczba os\u00f3b obj\u0119tych badaniami NDTK w ramach projektu<\/td><td>1600<\/td><td>2400<\/td><td>4000<\/td><\/tr><tr><td>Liczba os\u00f3b obj\u0119tych programem zdrowotnym dzi\u0119ki EFS<\/td><td>1860<\/td><td>2660<\/td><td>4520<\/td><\/tr><tr><td>Liczba os\u00f3b, kt\u00f3re odby\u0142y wizyt\u0119 kwalifikacyjn\u0105 i zosta\u0142y zakwalifikowane do programu pn Og\u00f3lnopolski Program Wczesnego Wykrywania Raka P\u0142uca WWRP za Pomoc\u0105 Niskodawkowej Tomografii Komputerowej<\/td><td>1600<\/td><td>2400<\/td><td>4000<\/td><\/tr><tr><td>Liczba pracownik\u00f3w ochrony zdrowia, obj\u0119tych wsparciem w projekcie.<\/td><td>60<\/td><td>60<\/td><td>120<\/td><\/tr><tr><td>Liczba uczestnik\u00f3w Programu, u kt\u00f3rych przeprowadzono edukacj\u0119 na temat raka p\u0142uca w okresie i na terenie realizacji Programu<\/td><td>1560<\/td><td>2840<\/td><td>4400<\/td><\/tr><\/tbody><\/table><\/figure>\n","protected":false},"excerpt":{"rendered":"<p>UWAGA!!! W CHWILI OBECNEJ ZAKO\u0143CZYLI\u015aMY REKRUTACJ\u0118 PACJENT\u00d3W DO PROGRAMU.ZE WZGL\u0118DU NA OGROMNE ZAINTERESOWANIE LIMIT UCZESTNIK\u00d3W ZOSTA\u0141 OSI\u0104GNI\u0118TY. Centrum Onkologii realizuje \u201eProgram profilaktyki [&hellip;]<\/p>\n","protected":false},"author":1,"featured_media":0,"parent":0,"menu_order":0,"comment_status":"closed","ping_status":"closed","template":"","meta":[],"_links":{"self":[{"href":"http:\/\/www.profilaktyka-pluca.pl\/index.php?rest_route=\/wp\/v2\/pages\/8"}],"collection":[{"href":"http:\/\/www.profilaktyka-pluca.pl\/index.php?rest_route=\/wp\/v2\/pages"}],"about":[{"href":"http:\/\/www.profilaktyka-pluca.pl\/index.php?rest_route=\/wp\/v2\/types\/page"}],"author":[{"embeddable":true,"href":"http:\/\/www.profilaktyka-pluca.pl\/index.php?rest_route=\/wp\/v2\/users\/1"}],"replies":[{"embeddable":true,"href":"http:\/\/www.profilaktyka-pluca.pl\/index.php?rest_route=%2Fwp%2Fv2%2Fcomments&post=8"}],"version-history":[{"count":26,"href":"http:\/\/www.profilaktyka-pluca.pl\/index.php?rest_route=\/wp\/v2\/pages\/8\/revisions"}],"predecessor-version":[{"id":418,"href":"http:\/\/www.profilaktyka-pluca.pl\/index.php?rest_route=\/wp\/v2\/pages\/8\/revisions\/418"}],"wp:attachment":[{"href":"http:\/\/www.profilaktyka-pluca.pl\/index.php?rest_route=%2Fwp%2Fv2%2Fmedia&parent=8"}],"curies":[{"name":"wp","href":"https:\/\/api.w.org\/{rel}","templated":true}]}}